{"id":13480,"date":"2018-12-12T11:08:47","date_gmt":"2018-12-12T11:08:47","guid":{"rendered":"http:\/\/fwcpfcf.cluster026.hosting.ovh.net\/?page_id=13480"},"modified":"2020-02-11T14:09:20","modified_gmt":"2020-02-11T14:09:20","slug":"empleats","status":"publish","type":"page","link":"https:\/\/www.jda.es\/ca\/politica-de-privacitat\/empleats\/","title":{"rendered":"Empleats"},"content":{"rendered":"<p><span style=\"color: #000000; font-size: 14pt;\"><strong>Qui \u00e9s responsable del tractament de les seves dades?<\/strong><\/span><\/p>\n<ul>\n<li><span style=\"color: #000000;\"><strong>Identitat: JDA EXPERT LEGALTAX, S.L.P.<\/strong><\/span><\/li>\n<li><span style=\"color: #000000;\"><strong>CIF:<\/strong> B59820167<\/span><\/li>\n<li><span style=\"color: #000000;\"><strong>Dir. Postal:<\/strong> c \/ Francisco de Quevedo, 9-08.402 &#8211; GRANOLLERS<\/span><\/li>\n<li><span style=\"color: #000000;\"><strong>Tel\u00e8fon:<\/strong>\u00a0938600370<\/span><\/li>\n<li><span style=\"color: #000000;\"><strong>E-Mail:<\/strong> protecciondedatos@www.jda.es<\/span><\/li>\n<\/ul>\n<p><span style=\"color: #000000;\"><strong><span style=\"font-size: 14pt;\">Dades de contacte del delegat a protecci\u00f3 de dades: <\/span><\/strong><\/span><\/p>\n<p><span style=\"color: #000000;\">dpo@www.jda.es<\/span><\/p>\n<p><span style=\"font-size: 14pt; color: #000000;\"><strong>Amb quina finalitat tractem les seves dades personals?<\/strong><\/span><\/p>\n<p><span style=\"color: #000000;\"><strong>\u00a0<\/strong>A <strong>JDA EXPERT LEGALTAX, S.L.P.<\/strong> tractem la informaci\u00f3 facilitada per tal de gestionar la relaci\u00f3 laboral amb els empleats de la companyia en tots els seus aspectes de manteniment, desenvolupament i control: Des de la realitzaci\u00f3 de tots els tr\u00e0mits necessaris com contractes, n\u00f2mines, declaracions fiscals, prevenci\u00f3 de riscos laborals, la gesti\u00f3 i organitzaci\u00f3 de viatges i despla\u00e7aments per motius de treball, la gesti\u00f3 d&#8217;accions formatives d&#8217;acord al pla de formaci\u00f3 de la companyia per a empleats, etc &#8230; a tot el relacionat amb el control i verificaci\u00f3 del compliment de les obligacions i deures laborals, com a control de pres\u00e8ncia, avaluaci\u00f3 de l&#8217;acompliment, control de l&#8217;\u00fas dels mitjans i eines inform\u00e0tiques posades a disposici\u00f3 dels empleats per al desenvolupament de la seva tasca laboral, com l&#8217;acc\u00e9s a Internet, el correu electr\u00f2nic, etc &#8230;<\/span><\/p>\n<p><span style=\"font-size: 14pt; color: #000000;\"><strong>Per quant de temps conservarem les seves dades?<\/strong><\/span><\/p>\n<p><span style=\"color: #000000;\">Les dades personals proporcionades es conservaran mentre es mantingui la nostra relaci\u00f3 laboral, fora de perill els terminis legals de conservaci\u00f3.\u00a0<\/span><span style=\"color: #000000;\">Decisions automatitzades, perfils i l\u00f2gica aplicada: L&#8217;empresa NO prendr\u00e0 decisions automatitzades.<\/span><\/p>\n<p><span style=\"color: #000000; font-size: 14pt;\"><strong>Quina \u00e9s la legitimaci\u00f3 per al tractament de les seves dades?<\/strong><\/span><\/p>\n<p><span style=\"color: #000000;\">\u00a0La base legal per al tractament de les seves dades s\u00f3n necess\u00e0ries per l&#8217;execuci\u00f3 de contracte laboral, en la qual vost\u00e8 \u00e9s part.\u00a0<\/span><\/p>\n<p><span style=\"color: #000000; font-size: 14pt;\"><strong>A quins destinataris es comunicaran les seves dades?<\/strong>\u00a0<\/span><\/p>\n<p><span style=\"color: #000000;\">Durant el per\u00edode de durada del tractament, <strong>JDA EXPERT LEGALTAX, S.L.P.\u00a0<\/strong>comunicar les seves dades a la Seguretat Social i a l&#8217;Ag\u00e8ncia Tribut\u00e0ria, per obligaci\u00f3 legal, aix\u00ed com a entitats banc\u00e0ries per a la domiciliaci\u00f3 i pagament de n\u00f2mines.\u00a0Aix\u00ed mateix, en <strong>JDA EXPERT LEGALTAX, S.L.P.\u00a0<\/strong>comptarem amb la col\u00b7laboraci\u00f3 de tercers prestadors de serveis que en cada cas h\u00e0gim pogut contractar i que, per a la prestaci\u00f3 d&#8217;aquest servei, pot ser necessari que tinguin acc\u00e9s a les seves dades de car\u00e0cter personal, per\u00f2 que els tractaran amb totes les garanties legals exigibles, seguint les nostres instruccions i pr\u00e8via subscripci\u00f3 d&#8217;un contracte de protecci\u00f3 de dades en les que exigim, entre d&#8217;altres, tractar les dades exclusivament per a les finalitats pactades, aplicar mesures t\u00e8cniques i organitzatives adequades, aix\u00ed com suprimir i retornar les dades a la finalitzaci\u00f3 del servei.\u00a0En <strong>JDA EXPERT LEGALTAX, S.L.P.\u00a0<\/strong>seguim uns criteris estrictes de selecci\u00f3 de tercers prestadors de serveis per tal de donar compliment a les nostres obligacions en mat\u00e8ria de protecci\u00f3 de dades.\u00a0<\/span><\/p>\n<p><span style=\"color: #000000; font-size: 14pt;\"><strong>Quines s\u00f3n els seus drets quan ens facilita les seves dades?<\/strong>\u00a0<\/span><\/p>\n<p><span style=\"color: #000000;\">Qualsevol persona t\u00e9 dret a obtenir confirmaci\u00f3 sobre si <strong>JDA EXPERT LEGALTAX, S.L.P\u00a0<\/strong>estem tractant dades personals que li concerneixen o no.<\/span><\/p>\n<p><span style=\"color: #000000;\">Aix\u00ed mateix, t\u00e9:<\/span><\/p>\n<ul>\n<li><span style=\"color: #000000;\"> Dret a sol\u00b7licitar l&#8217;acc\u00e9s a les seves dades personals. \u00a0 \u00a0 <\/span><\/li>\n<li><span style=\"color: #000000;\">Dret a sol\u00b7licitar la seva rectificaci\u00f3\u00b7\u00a0\u00a0\u00a0\u00a0\u00a0\u00a0\u00a0\u00a0 <\/span><\/li>\n<li><span style=\"color: #000000;\">Dret a sol\u00b7licitar la seva supressi\u00f3. \u00a0 \u00a0 <\/span><\/li>\n<li><span style=\"color: #000000;\">Dret a sol\u00b7licitar la limitaci\u00f3 del seu tractament \u00a0 \u00a0 \u00a0 <\/span><\/li>\n<li><span style=\"color: #000000;\">Dret a oposar-se al tractament. \u00a0 \u00a0 \u00a0<\/span><\/li>\n<li><span style=\"color: #000000;\">Dret a la portabilitat de les dades. \u00a0 \u00a0 \u00a0 \u00a0<\/span><\/li>\n<li><span style=\"color: #000000;\">Dret a retirar el consentiment prestat. \u00a0 \u00a0 \u00a0 <\/span><\/li>\n<li><span style=\"color: #000000;\">Dret d&#8217;informaci\u00f3<\/span><\/li>\n<li><span style=\"color: #000000;\">Dret a oposar-se a ser objecte de decisions individuals automatitzades<\/span><\/li>\n<\/ul>\n<p><span style=\"color: #000000;\">Per exercir els seus drets, dirigeixi un escrit adjuntant c\u00f2pia del seu DNI a: <\/span><\/p>\n<p style=\"text-align: center;\"><span style=\"color: #000000;\"><strong>JDA EXPERT LEGALTAX, S.L.P<\/strong><\/span><\/p>\n<p style=\"text-align: center;\"><span style=\"color: #000000;\">Exercici drets protecci\u00f3 de dades<\/span><\/p>\n<p style=\"text-align: center;\"><span style=\"color: #000000;\"> c \/ Francisco de Quevedo, 9 <\/span><\/p>\n<p style=\"text-align: center;\"><span style=\"text-decoration: underline;\"><span style=\"color: #000000; text-decoration: underline;\">08402 &#8211; GRANOLLERS (Barcelona)<\/span><\/span><\/p>\n<p style=\"text-align: left;\"><span style=\"color: #000000;\">O b\u00e9 remeti un correu electr\u00f2nic a: protecciondedatos@www.jda.es\u00a0Aix\u00ed mateix, l&#8217;informem que pot dirigir-se a l&#8217;Ag\u00e8ncia Espanyola de Protecci\u00f3 de Dades (www.aepd.es) per obtenir informaci\u00f3 addicional o per presentar una reclamaci\u00f3, per exemple, si no ha obtingut satisfacci\u00f3 en l&#8217;exercici dels teus drets.<\/span><\/p>\n","protected":false},"excerpt":{"rendered":"<p>Qui \u00e9s responsable del tractament de les seves dades? Identitat: JDA EXPERT LEGALTAX, S.L.P. CIF: B59820167 Dir. Postal: c \/ Francisco de Quevedo, 9-08.402 &#8211; GRANOLLERS Tel\u00e8fon:\u00a0938600370 E-Mail: protecciondedatos@www.jda.es Dades de contacte del delegat a protecci\u00f3 de dades: dpo@www.jda.es Amb quina finalitat tractem les seves dades personals? \u00a0A JDA EXPERT LEGALTAX, S.L.P. tractem la informaci\u00f3<\/p>\n","protected":false},"author":27,"featured_media":0,"parent":13456,"menu_order":0,"comment_status":"closed","ping_status":"closed","template":"","meta":{"rs_blank_template":"","rs_page_bg_color":"","slide_template_v7":"","footnotes":""},"class_list":["post-13480","page","type-page","status-publish","hentry"],"_links":{"self":[{"href":"https:\/\/www.jda.es\/ca\/wp-json\/wp\/v2\/pages\/13480","targetHints":{"allow":["GET"]}}],"collection":[{"href":"https:\/\/www.jda.es\/ca\/wp-json\/wp\/v2\/pages"}],"about":[{"href":"https:\/\/www.jda.es\/ca\/wp-json\/wp\/v2\/types\/page"}],"author":[{"embeddable":true,"href":"https:\/\/www.jda.es\/ca\/wp-json\/wp\/v2\/users\/27"}],"replies":[{"embeddable":true,"href":"https:\/\/www.jda.es\/ca\/wp-json\/wp\/v2\/comments?post=13480"}],"version-history":[{"count":0,"href":"https:\/\/www.jda.es\/ca\/wp-json\/wp\/v2\/pages\/13480\/revisions"}],"up":[{"embeddable":true,"href":"https:\/\/www.jda.es\/ca\/wp-json\/wp\/v2\/pages\/13456"}],"wp:attachment":[{"href":"https:\/\/www.jda.es\/ca\/wp-json\/wp\/v2\/media?parent=13480"}],"curies":[{"name":"wp","href":"https:\/\/api.w.org\/{rel}","templated":true}]}}